{"id":56,"date":"2023-05-18T11:30:16","date_gmt":"2023-05-18T10:30:16","guid":{"rendered":"https:\/\/amref.org\/west-africa\/?page_id=56"},"modified":"2023-05-18T11:43:33","modified_gmt":"2023-05-18T10:43:33","slug":"amref-en-afrique-de-louest","status":"publish","type":"page","link":"https:\/\/amref.org\/west-africa\/amref-en-afrique-de-louest\/","title":{"rendered":"Amref en Afrique de l\u2019Ouest"},"content":{"rendered":"\t\t<div data-elementor-type=\"wp-page\" data-elementor-id=\"56\" class=\"elementor elementor-56\" data-elementor-post-type=\"page\">\n\t\t\t\t\t\t<section class=\"elementor-section elementor-top-section elementor-element elementor-element-257d12b5 elementor-section-boxed elementor-section-height-default elementor-section-height-default\" data-id=\"257d12b5\" data-element_type=\"section\" data-e-type=\"section\" data-settings=\"{&quot;background_background&quot;:&quot;classic&quot;}\">\n\t\t\t\t\t\t\t<div class=\"elementor-background-overlay\"><\/div>\n\t\t\t\t\t\t\t<div class=\"elementor-container elementor-column-gap-default\">\n\t\t\t\t\t<div class=\"elementor-column elementor-col-100 elementor-top-column elementor-element elementor-element-7223a0\" data-id=\"7223a0\" data-element_type=\"column\" data-e-type=\"column\">\n\t\t\t<div class=\"elementor-widget-wrap elementor-element-populated\">\n\t\t\t\t\t\t<div class=\"elementor-element elementor-element-41428069 elementor-widget elementor-widget-heading\" data-id=\"41428069\" data-element_type=\"widget\" data-e-type=\"widget\" data-widget_type=\"heading.default\">\n\t\t\t\t<div class=\"elementor-widget-container\">\n\t\t\t\t\t<h1 class=\"elementor-heading-title elementor-size-default\">Amref en Afrique de l\u2019Ouest<\/h1>\t\t\t\t<\/div>\n\t\t\t\t<\/div>\n\t\t\t\t<div class=\"elementor-element elementor-element-7a02177e elementor-widget-divider--view-line elementor-widget elementor-widget-divider\" data-id=\"7a02177e\" data-element_type=\"widget\" data-e-type=\"widget\" data-widget_type=\"divider.default\">\n\t\t\t\t<div class=\"elementor-widget-container\">\n\t\t\t\t\t\t\t<div class=\"elementor-divider\">\n\t\t\t<span class=\"elementor-divider-separator\">\n\t\t\t\t\t\t<\/span>\n\t\t<\/div>\n\t\t\t\t\t\t<\/div>\n\t\t\t\t<\/div>\n\t\t\t\t\t<\/div>\n\t\t<\/div>\n\t\t\t\t\t<\/div>\n\t\t<\/section>\n\t\t\t\t<section class=\"elementor-section elementor-top-section elementor-element elementor-element-aea0366 elementor-section-boxed elementor-section-height-default elementor-section-height-default\" data-id=\"aea0366\" data-element_type=\"section\" data-e-type=\"section\">\n\t\t\t\t\t\t<div class=\"elementor-container elementor-column-gap-no\">\n\t\t\t\t\t<div class=\"elementor-column elementor-col-100 elementor-top-column elementor-element elementor-element-a16b1a0\" data-id=\"a16b1a0\" data-element_type=\"column\" data-e-type=\"column\">\n\t\t\t<div class=\"elementor-widget-wrap elementor-element-populated\">\n\t\t\t\t\t\t<section class=\"elementor-section elementor-inner-section elementor-element elementor-element-ae04974 elementor-section-boxed elementor-section-height-default elementor-section-height-default\" data-id=\"ae04974\" data-element_type=\"section\" data-e-type=\"section\">\n\t\t\t\t\t\t<div class=\"elementor-container elementor-column-gap-default\">\n\t\t\t\t\t<div class=\"elementor-column elementor-col-100 elementor-inner-column elementor-element elementor-element-d26357b\" data-id=\"d26357b\" data-element_type=\"column\" data-e-type=\"column\">\n\t\t\t<div class=\"elementor-widget-wrap elementor-element-populated\">\n\t\t\t\t\t\t<div class=\"elementor-element elementor-element-66678a3 elementor-widget elementor-widget-text-editor\" data-id=\"66678a3\" data-element_type=\"widget\" data-e-type=\"widget\" data-widget_type=\"text-editor.default\">\n\t\t\t\t<div class=\"elementor-widget-container\">\n\t\t\t\t\t\t\t\t\t<p>Amref Health Africa est pr\u00e9sent en Afrique de l\u2019Ouest depuis 2011 date \u00e0 laquelle il est ouvert la base r\u00e9gionale en Afrique de l\u2019Ouest, dans la ville de Dakar au S\u00e9n\u00e9gal apr\u00e8s des mois de recherches, d\u2019analyse des domaines prioritaires d\u2019intervention, avec l\u2019ambition de venir en aide aux populations vuln\u00e9rables de toute la r\u00e9gion. En Aout 2011, Amref obtient son agr\u00e9ment en qualit\u00e9 d&#8217;organisation non gouvernementale lui autorisant d&#8217;intervenir sur toute l&#8217;\u00e9tendue du territoire s\u00e9n\u00e9galais. Il faut ajouter que l\u2019id\u00e9e de l\u2019ouverture d\u2019un bureau r\u00e9gional en Afrique de l\u2019Ouest provient d\u2019une demande de l\u2019Organisation Ouest Africaine de la Sant\u00e9 en 2007.<\/p><p>Depuis lors, Amref West Africa a \u00e9t\u00e9 l&#8217;un des principaux soutiens des initiatives du gouvernement s\u00e9n\u00e9galais en mati\u00e8re de soins de sant\u00e9, en particulier du minist\u00e8re de la sant\u00e9. Amref a soutenu le d\u00e9veloppement d&#8217;un certain nombre de politiques, de strat\u00e9gies et de lignes directrices nationales en mati\u00e8re de sant\u00e9 pour une prestation \u00e9quitable des services de sant\u00e9.<\/p><p>\u00a0De janvier 2022 \u00e0 ce jour, Amref West Africa a mis en \u0153uvre 15 projets, couvrant 12 r\u00e9gions de administratives et m\u00e9dicales du S\u00e9n\u00e9gal avec principalement une concentration des interventions dans les r\u00e9gions sud du S\u00e9n\u00e9gal qui pr\u00e9sentent des indicateurs de sant\u00e9 relativement en plus des probl\u00e8mes li\u00e9s aux mutilations g\u00e9nitales f\u00e9minines. En Guin\u00e9e, Amref est principalement intervenu dans les Pr\u00e9fecture de sant\u00e9 de Conakry, Kindia, Mamou, Lab\u00e9 et Mali Yembereing.<\/p>\t\t\t\t\t\t\t\t<\/div>\n\t\t\t\t<\/div>\n\t\t\t\t\t<\/div>\n\t\t<\/div>\n\t\t\t\t\t<\/div>\n\t\t<\/section>\n\t\t\t\t\t<\/div>\n\t\t<\/div>\n\t\t\t\t\t<\/div>\n\t\t<\/section>\n\t\t\t\t<\/div>\n\t\t","protected":false},"excerpt":{"rendered":"<p>Amref en Afrique de l\u2019Ouest Amref Health Africa est pr\u00e9sent en Afrique de l\u2019Ouest depuis 2011 date \u00e0 laquelle il est ouvert la base r\u00e9gionale en Afrique de l\u2019Ouest, dans [&hellip;]<\/p>\n","protected":false},"author":1,"featured_media":0,"parent":0,"menu_order":0,"comment_status":"closed","ping_status":"closed","template":"elementor_header_footer","meta":{"_monsterinsights_skip_tracking":false,"_monsterinsights_sitenote_active":false,"_monsterinsights_sitenote_note":"","_monsterinsights_sitenote_category":0,"footnotes":""},"yst_prominent_words":[],"class_list":["post-56","page","type-page","status-publish","hentry"],"yoast_head":"<!-- This site is optimized with the Yoast SEO Premium plugin v14.6.1 - https:\/\/yoast.com\/wordpress\/plugins\/seo\/ -->\n<title>Amref en Afrique de l\u2019Ouest - Amref Health Africa bureau r\u00e9gional pour l\u2019Afrique de l\u2019Ouest<\/title>\n<meta name=\"robots\" content=\"index, follow\" \/>\n<meta name=\"googlebot\" content=\"index, follow, max-snippet:-1, max-image-preview:large, max-video-preview:-1\" \/>\n<meta name=\"bingbot\" content=\"index, follow, max-snippet:-1, max-image-preview:large, max-video-preview:-1\" \/>\n<link rel=\"canonical\" href=\"https:\/\/amref.org\/west-africa\/amref-en-afrique-de-louest\/\" \/>\n<meta property=\"og:locale\" content=\"en_GB\" \/>\n<meta property=\"og:type\" content=\"article\" \/>\n<meta property=\"og:title\" content=\"Amref en Afrique de l\u2019Ouest - Amref Health Africa bureau r\u00e9gional pour l\u2019Afrique de l\u2019Ouest\" \/>\n<meta property=\"og:description\" content=\"Amref en Afrique de l\u2019Ouest Amref Health Africa est pr\u00e9sent en Afrique de l\u2019Ouest depuis 2011 date \u00e0 laquelle il est ouvert la base r\u00e9gionale en Afrique de l\u2019Ouest, dans [&hellip;]\" \/>\n<meta property=\"og:url\" content=\"https:\/\/amref.org\/west-africa\/amref-en-afrique-de-louest\/\" \/>\n<meta property=\"og:site_name\" content=\"Amref Health Africa bureau r\u00e9gional pour l\u2019Afrique de l\u2019Ouest\" \/>\n<meta property=\"article:author\" content=\"https:\/\/www.facebook.com\/AmrefHealthAfrica\" \/>\n<meta property=\"article:modified_time\" content=\"2023-05-18T10:43:33+00:00\" \/>\n<meta name=\"twitter:card\" content=\"summary_large_image\" \/>\n<script type=\"application\/ld+json\" class=\"yoast-schema-graph\">{\"@context\":\"https:\/\/schema.org\",\"@graph\":[{\"@type\":\"WebSite\",\"@id\":\"https:\/\/amref.org\/west-africa\/#website\",\"url\":\"https:\/\/amref.org\/west-africa\/\",\"name\":\"Amref Health Africa bureau r\\u00e9gional pour l\\u2019Afrique de l\\u2019Ouest\",\"description\":\"\",\"potentialAction\":[{\"@type\":\"SearchAction\",\"target\":\"https:\/\/amref.org\/west-africa\/?s={search_term_string}\",\"query-input\":\"required name=search_term_string\"}],\"inLanguage\":\"en-GB\"},{\"@type\":\"WebPage\",\"@id\":\"https:\/\/amref.org\/west-africa\/amref-en-afrique-de-louest\/#webpage\",\"url\":\"https:\/\/amref.org\/west-africa\/amref-en-afrique-de-louest\/\",\"name\":\"Amref en Afrique de l\\u2019Ouest - Amref Health Africa bureau r\\u00e9gional pour l\\u2019Afrique de l\\u2019Ouest\",\"isPartOf\":{\"@id\":\"https:\/\/amref.org\/west-africa\/#website\"},\"datePublished\":\"2023-05-18T10:30:16+00:00\",\"dateModified\":\"2023-05-18T10:43:33+00:00\",\"inLanguage\":\"en-GB\",\"potentialAction\":[{\"@type\":\"ReadAction\",\"target\":[\"https:\/\/amref.org\/west-africa\/amref-en-afrique-de-louest\/\"]}]}]}<\/script>\n<!-- \/ Yoast SEO Premium plugin. -->","_links":{"self":[{"href":"https:\/\/amref.org\/west-africa\/wp-json\/wp\/v2\/pages\/56","targetHints":{"allow":["GET"]}}],"collection":[{"href":"https:\/\/amref.org\/west-africa\/wp-json\/wp\/v2\/pages"}],"about":[{"href":"https:\/\/amref.org\/west-africa\/wp-json\/wp\/v2\/types\/page"}],"author":[{"embeddable":true,"href":"https:\/\/amref.org\/west-africa\/wp-json\/wp\/v2\/users\/1"}],"replies":[{"embeddable":true,"href":"https:\/\/amref.org\/west-africa\/wp-json\/wp\/v2\/comments?post=56"}],"version-history":[{"count":1,"href":"https:\/\/amref.org\/west-africa\/wp-json\/wp\/v2\/pages\/56\/revisions"}],"predecessor-version":[{"id":65,"href":"https:\/\/amref.org\/west-africa\/wp-json\/wp\/v2\/pages\/56\/revisions\/65"}],"wp:attachment":[{"href":"https:\/\/amref.org\/west-africa\/wp-json\/wp\/v2\/media?parent=56"}],"wp:term":[{"taxonomy":"yst_prominent_words","embeddable":true,"href":"https:\/\/amref.org\/west-africa\/wp-json\/wp\/v2\/yst_prominent_words?post=56"}],"curies":[{"name":"wp","href":"https:\/\/api.w.org\/{rel}","templated":true}]}}